{"id":6,"date":"2023-09-29T13:33:20","date_gmt":"2023-09-29T13:33:20","guid":{"rendered":"https:\/\/interiorsbym.dk\/es\/?page_id=6"},"modified":"2023-11-21T12:07:45","modified_gmt":"2023-11-21T12:07:45","slug":"interiors-by-m-es","status":"publish","type":"page","link":"https:\/\/interiorsbym.dk\/es\/","title":{"rendered":"INICIO"},"content":{"rendered":"<p>[et_pb_section fb_built=&#8221;1&#8243; admin_label=&#8221;Header&#8221; _builder_version=&#8221;4.20.0&#8243; _module_preset=&#8221;default&#8221; use_background_color_gradient=&#8221;on&#8221; background_color_gradient_stops=&#8221;rgba(0,0,0,0.5) 0%|rgba(0,0,0,0.5) 100%&#8221; background_color_gradient_overlays_image=&#8221;on&#8221; background_image=&#8221;https:\/\/interiorsbym.dk\/es\/wp-content\/uploads\/sites\/2\/2023\/09\/photographer-2.jpg&#8221; custom_padding=&#8221;24vw||24vw||true|false&#8221; collapsed=&#8221;on&#8221; global_colors_info=&#8221;{}&#8221;][et_pb_row _builder_version=&#8221;4.20.0&#8243; _module_preset=&#8221;default&#8221; global_colors_info=&#8221;{}&#8221;][et_pb_column type=&#8221;4_4&#8243; _builder_version=&#8221;4.20.0&#8243; _module_preset=&#8221;default&#8221; global_colors_info=&#8221;{}&#8221;][et_pb_text _builder_version=&#8221;4.22.2&#8243; _module_preset=&#8221;2ae85e6a-898e-4e59-9b9c-01038e51c669&#8243; header_font=&#8221;|300||on|||||&#8221; header_text_color=&#8221;#FFFFFF&#8221; text_orientation=&#8221;center&#8221; header_font_size_tablet=&#8221;&#8221; header_font_size_phone=&#8221;22px&#8221; header_font_size_last_edited=&#8221;on|phone&#8221; global_colors_info=&#8221;{}&#8221;]<\/p>\n<h1>TRANSFORMA TU ESPACIO<\/h1>\n<p>[\/et_pb_text][et_pb_button button_url=&#8221;@ET-DC@eyJkeW5hbWljIjp0cnVlLCJjb250ZW50IjoicG9zdF9saW5rX3VybF9wYWdlIiwic2V0dGluZ3MiOnsicG9zdF9pZCI6IjgxIn19@&#8221; button_text=&#8221;\u00a1Empecemos!&#8221; button_alignment=&#8221;center&#8221; _builder_version=&#8221;4.22.2&#8243; _dynamic_attributes=&#8221;button_url&#8221; _module_preset=&#8221;4c5696ba-6946-4ab5-94a8-c19b77664151&#8243; hover_enabled=&#8221;0&#8243; global_colors_info=&#8221;{}&#8221; sticky_enabled=&#8221;0&#8243;][\/et_pb_button][\/et_pb_column][\/et_pb_row][\/et_pb_section][et_pb_section fb_built=&#8221;1&#8243; _builder_version=&#8221;4.21.2&#8243; _module_preset=&#8221;default&#8221; custom_padding=&#8221;150px||150px||true|false&#8221; global_colors_info=&#8221;{}&#8221;][et_pb_row column_structure=&#8221;1_2,1_2&#8243; _builder_version=&#8221;4.21.2&#8243; _module_preset=&#8221;default&#8221; global_colors_info=&#8221;{}&#8221;][et_pb_column type=&#8221;1_2&#8243; _builder_version=&#8221;4.21.2&#8243; _module_preset=&#8221;default&#8221; global_colors_info=&#8221;{}&#8221;][et_pb_text _builder_version=&#8221;4.22.2&#8243; _module_preset=&#8221;default&#8221; global_colors_info=&#8221;{}&#8221;]<\/p>\n<h3><span style=\"font-weight: 400;\">PARA ESPACIOS PRIVADOS<\/span><\/h3>\n<p>[\/et_pb_text][\/et_pb_column][et_pb_column type=&#8221;1_2&#8243; _builder_version=&#8221;4.21.2&#8243; _module_preset=&#8221;default&#8221; global_colors_info=&#8221;{}&#8221;][et_pb_text _builder_version=&#8221;4.22.2&#8243; _module_preset=&#8221;default&#8221; global_colors_info=&#8221;{}&#8221;]<\/p>\n<p><span style=\"font-weight: 400;\">En Interiors by M., creamos interiores de ensue\u00f1o para residencias privadas. Entendemos que tu hogar es tu refugio y nuestra misi\u00f3n es transformar tus ideas en espacios hermosos, funcionales y \u00fanicos que reflejen tu personalidad y estilo de vida.<\/span><\/p>\n<p>[\/et_pb_text][\/et_pb_column][\/et_pb_row][et_pb_row column_structure=&#8221;1_2,1_2&#8243; _builder_version=&#8221;4.21.2&#8243; _module_preset=&#8221;default&#8221; custom_padding=&#8221;100px||||false|false&#8221; global_colors_info=&#8221;{}&#8221;][et_pb_column type=&#8221;1_2&#8243; _builder_version=&#8221;4.21.2&#8243; _module_preset=&#8221;default&#8221; global_colors_info=&#8221;{}&#8221;][et_pb_text _builder_version=&#8221;4.22.2&#8243; _module_preset=&#8221;default&#8221; global_colors_info=&#8221;{}&#8221;]<\/p>\n<h3><span style=\"font-weight: 400;\">PARA NEGOCIOS<\/span><\/h3>\n<p>[\/et_pb_text][\/et_pb_column][et_pb_column type=&#8221;1_2&#8243; _builder_version=&#8221;4.21.2&#8243; _module_preset=&#8221;default&#8221; global_colors_info=&#8221;{}&#8221;][et_pb_text _builder_version=&#8221;4.22.2&#8243; _module_preset=&#8221;default&#8221; global_colors_info=&#8221;{}&#8221;]<\/p>\n<p><span style=\"font-weight: 400;\">Comprendemos la importancia de crear entornos laborales inspiradores y profesionales que fomenten el crecimiento y el \u00e9xito de tu negocio. Trabajamos estrechamente contigo para crear espacios impresionantes y funcionales que reflejen la identidad y visi\u00f3n de tu empresa.<\/span><\/p>\n<p>[\/et_pb_text][\/et_pb_column][\/et_pb_row][\/et_pb_section][et_pb_section fb_built=&#8221;1&#8243; admin_label=&#8221;About&#8221; _builder_version=&#8221;4.21.2&#8243; _module_preset=&#8221;default&#8221; background_color=&#8221;#e4e3de&#8221; custom_padding=&#8221;150px||150px||true|false&#8221; collapsed=&#8221;on&#8221; global_colors_info=&#8221;{}&#8221;][et_pb_row column_structure=&#8221;3_5,2_5&#8243; _builder_version=&#8221;4.20.0&#8243; _module_preset=&#8221;default&#8221; custom_padding=&#8221;||0px||false|false&#8221; global_colors_info=&#8221;{}&#8221;][et_pb_column type=&#8221;3_5&#8243; _builder_version=&#8221;4.20.0&#8243; _module_preset=&#8221;default&#8221; global_colors_info=&#8221;{}&#8221;][et_pb_text _builder_version=&#8221;4.22.2&#8243; _module_preset=&#8221;f7d7788a-7450-4e14-90fa-8159bb25191a&#8221; text_text_color=&#8221;#2d2d2d&#8221; header_text_color=&#8221;#e4e3de&#8221; header_2_font=&#8221;|||on|||||&#8221; header_2_text_color=&#8221;#504e47&#8243; global_colors_info=&#8221;{}&#8221;]<\/p>\n<h2><span style=\"font-weight: 400;\">VISUALIZACI\u00d3N 3D<\/span><\/h2>\n<p>[\/et_pb_text][et_pb_image src=&#8221;https:\/\/interiorsbym.dk\/es\/wp-content\/uploads\/sites\/2\/2023\/09\/Frame-1-1.png&#8221; title_text=&#8221;Frame 1 (1)&#8221; _builder_version=&#8221;4.21.2&#8243; _module_preset=&#8221;default&#8221; global_colors_info=&#8221;{}&#8221;][\/et_pb_image][\/et_pb_column][et_pb_column type=&#8221;2_5&#8243; _builder_version=&#8221;4.20.0&#8243; _module_preset=&#8221;default&#8221; global_colors_info=&#8221;{}&#8221;][et_pb_text _builder_version=&#8221;4.22.2&#8243; _module_preset=&#8221;55f65e51-174f-4621-8e45-34066c6d7362&#8243; text_font=&#8221;||||||||&#8221; text_text_color=&#8221;#504e47&#8243; text_font_size=&#8221;18px&#8221; global_colors_info=&#8221;{}&#8221;]<\/p>\n<p><span style=\"font-weight: 400;\">Con nuestros programas de visualizaci\u00f3n en 3D, puedes ver tu futuro hogar o espacio de trabajo antes de que comencemos el proyecto. Esto te permite hacer ajustes y asegurarte de estar completamente satisfecho con el dise\u00f1o antes de comenzar.<\/span><\/p>\n<p>[\/et_pb_text][et_pb_button button_url=&#8221;@ET-DC@eyJkeW5hbWljIjp0cnVlLCJjb250ZW50IjoicG9zdF9saW5rX3VybF9wYWdlIiwic2V0dGluZ3MiOnsicG9zdF9pZCI6IjEwNCJ9fQ==@&#8221; button_text=&#8221;VER el proceso&#8221; _builder_version=&#8221;4.22.2&#8243; _dynamic_attributes=&#8221;button_url&#8221; _module_preset=&#8221;e8217bfa-6940-4472-860c-4b2c63098518&#8243; button_text_color=&#8221;#2d2d2d&#8221; hover_enabled=&#8221;0&#8243; global_colors_info=&#8221;{}&#8221; sticky_enabled=&#8221;0&#8243;][\/et_pb_button][et_pb_image src=&#8221;https:\/\/interiorsbym.dk\/es\/wp-content\/uploads\/sites\/2\/2023\/09\/Frame-2.png&#8221; alt=&#8221;Privatbolig indretning&#8221; title_text=&#8221;privatbolig indretning&#8221; _builder_version=&#8221;4.21.2&#8243; _module_preset=&#8221;default&#8221; global_colors_info=&#8221;{}&#8221;][\/et_pb_image][\/et_pb_column][\/et_pb_row][\/et_pb_section][et_pb_section fb_built=&#8221;1&#8243; admin_label=&#8221;Projects&#8221; _builder_version=&#8221;4.21.2&#8243; _module_preset=&#8221;default&#8221; custom_padding=&#8221;150px||150px||true|false&#8221; collapsed=&#8221;on&#8221; global_colors_info=&#8221;{}&#8221;][et_pb_row _builder_version=&#8221;4.20.0&#8243; _module_preset=&#8221;default&#8221; global_colors_info=&#8221;{}&#8221;][et_pb_column type=&#8221;4_4&#8243; _builder_version=&#8221;4.20.0&#8243; _module_preset=&#8221;default&#8221; global_colors_info=&#8221;{}&#8221;][et_pb_text _builder_version=&#8221;4.22.2&#8243; _module_preset=&#8221;f7d7788a-7450-4e14-90fa-8159bb25191a&#8221; text_text_color=&#8221;#2d2d2d&#8221; header_text_color=&#8221;#e4e3de&#8221; header_2_font=&#8221;|||on|||||&#8221; header_2_text_color=&#8221;#504e47&#8243; global_colors_info=&#8221;{}&#8221;]<\/p>\n<h2 style=\"text-align: center;\"><span style=\"font-weight: 400;\">PORTAFOLIO<\/span><\/h2>\n<p>[\/et_pb_text][\/et_pb_column][\/et_pb_row][et_pb_row column_structure=&#8221;1_2,1_2&#8243; _builder_version=&#8221;4.21.2&#8243; _module_preset=&#8221;default&#8221; global_colors_info=&#8221;{}&#8221;][et_pb_column type=&#8221;1_2&#8243; _builder_version=&#8221;4.21.2&#8243; _module_preset=&#8221;default&#8221; global_colors_info=&#8221;{}&#8221;][et_pb_gallery gallery_ids=&#8221;13&#8243; fullwidth=&#8221;on&#8221; _builder_version=&#8221;4.21.2&#8243; _module_preset=&#8221;default&#8221; global_colors_info=&#8221;{}&#8221;][\/et_pb_gallery][et_pb_cta title=&#8221;CASA DE CAMPO&#8221; button_text=&#8221;Ver m\u00e1s&#8221; _builder_version=&#8221;4.22.2&#8243; _module_preset=&#8221;default&#8221; header_level=&#8221;h4&#8243; header_font=&#8221;|||on|||||&#8221; header_text_align=&#8221;left&#8221; background_color=&#8221;RGBA(255,255,255,0)&#8221; custom_button=&#8221;on&#8221; button_border_width=&#8221;0px&#8221; button_border_color=&#8221;RGBA(255,255,255,0)&#8221; button_border_radius=&#8221;0px&#8221; text_orientation=&#8221;left&#8221; background_layout=&#8221;light&#8221; custom_padding=&#8221;0px|0px||0px|false|false&#8221; border_style_all=&#8221;none&#8221; global_colors_info=&#8221;{}&#8221;]<\/p>\n<p><span style=\"font-weight: 400;\">Una casa de campo dise\u00f1ada con un estilo minimalista y tonos de color suaves pero c\u00e1lidos. El ambiente es acogedor, lleno de luz natural, creando un lugar de descanso y bienestar.<\/span><\/p>\n<p>[\/et_pb_cta][\/et_pb_column][et_pb_column type=&#8221;1_2&#8243; _builder_version=&#8221;4.21.2&#8243; _module_preset=&#8221;default&#8221; global_colors_info=&#8221;{}&#8221;][et_pb_gallery gallery_ids=&#8221;14&#8243; fullwidth=&#8221;on&#8221; _builder_version=&#8221;4.21.2&#8243; _module_preset=&#8221;default&#8221; global_colors_info=&#8221;{}&#8221;][\/et_pb_gallery][et_pb_cta title=&#8221;RESTAURANTE&#8221; button_text=&#8221;Se mere&#8221; _builder_version=&#8221;4.22.2&#8243; _module_preset=&#8221;default&#8221; header_level=&#8221;h4&#8243; header_font=&#8221;|||on|||||&#8221; header_text_align=&#8221;left&#8221; background_color=&#8221;RGBA(255,255,255,0)&#8221; custom_button=&#8221;on&#8221; button_border_width=&#8221;0px&#8221; button_border_color=&#8221;RGBA(255,255,255,0)&#8221; button_border_radius=&#8221;0px&#8221; text_orientation=&#8221;left&#8221; background_layout=&#8221;light&#8221; custom_padding=&#8221;0px|0px||0px|false|false&#8221; border_style_all=&#8221;none&#8221; locked=&#8221;off&#8221; global_colors_info=&#8221;{}&#8221;]<\/p>\n<p><span style=\"font-weight: 400;\">Se crea un restaurante con una atm\u00f3sfera escandinava, donde los materiales y colores c\u00e1lidos generan un ambiente acogedor. Los suelos de madera, los muebles, las sillas de cuero, las alfombras de lana y las plantas contribuyen a la atm\u00f3sfera relajante. Las paredes de hormig\u00f3n a\u00f1aden un toque r\u00fastico, evocando las vibraciones modernas de Brooklyn.<\/span><\/p>\n<p>[\/et_pb_cta][\/et_pb_column][\/et_pb_row][et_pb_row _builder_version=&#8221;4.21.2&#8243; _module_preset=&#8221;default&#8221; global_colors_info=&#8221;{}&#8221;][et_pb_column type=&#8221;4_4&#8243; _builder_version=&#8221;4.21.2&#8243; _module_preset=&#8221;default&#8221; global_colors_info=&#8221;{}&#8221;][et_pb_button button_url=&#8221;@ET-DC@eyJkeW5hbWljIjp0cnVlLCJjb250ZW50IjoicG9zdF9saW5rX3VybF9wYWdlIiwic2V0dGluZ3MiOnsicG9zdF9pZCI6IjUxIn19@&#8221; button_text=&#8221;VER M\u00c1S&#8221; button_alignment=&#8221;center&#8221; _builder_version=&#8221;4.22.2&#8243; _dynamic_attributes=&#8221;button_url&#8221; _module_preset=&#8221;ed519bbb-e18a-47a5-8660-d767212450b8&#8243; button_bg_color=&#8221;#2d2d2d&#8221; hover_enabled=&#8221;0&#8243; locked=&#8221;off&#8221; global_colors_info=&#8221;{}&#8221; sticky_enabled=&#8221;0&#8243;][\/et_pb_button][\/et_pb_column][\/et_pb_row][\/et_pb_section][et_pb_section fb_built=&#8221;1&#8243; admin_label=&#8221;Testimonials&#8221; _builder_version=&#8221;4.20.0&#8243; _module_preset=&#8221;default&#8221; global_module=&#8221;94&#8243; saved_tabs=&#8221;all&#8221; collapsed=&#8221;on&#8221; global_colors_info=&#8221;{}&#8221;][et_pb_row _builder_version=&#8221;4.20.0&#8243; _module_preset=&#8221;default&#8221; global_colors_info=&#8221;{}&#8221;][et_pb_column type=&#8221;4_4&#8243; _builder_version=&#8221;4.20.0&#8243; _module_preset=&#8221;default&#8221; global_colors_info=&#8221;{}&#8221;][et_pb_icon font_icon=&#8221;&#xf10d;||fa||900&#8243; icon_color=&#8221;#000000&#8243; icon_width=&#8221;56px&#8221; _builder_version=&#8221;4.20.0&#8243; _module_preset=&#8221;default&#8221; global_colors_info=&#8221;{}&#8221;][\/et_pb_icon][et_pb_slider _builder_version=&#8221;4.22.2&#8243; _module_preset=&#8221;f9b8450d-8407-4e19-b098-b8d504b19f9a&#8221; body_font=&#8221;||||||||&#8221; body_font_size_tablet=&#8221;&#8221; body_font_size_phone=&#8221;10px&#8221; body_font_size_last_edited=&#8221;on|phone&#8221; border_width_top=&#8221;1px&#8221; locked=&#8221;off&#8221; global_colors_info=&#8221;{%22gcid-8b50368a-c64a-42be-b110-e2137ab417d1%22:%91%22header_text_color%22%93}&#8221;][et_pb_slide heading=&#8221;Anne Almind&#8221; _builder_version=&#8221;4.22.2&#8243; _module_preset=&#8221;default&#8221; locked=&#8221;off&#8221; global_colors_info=&#8221;{}&#8221; sticky_transition=&#8221;on&#8221;]<\/p>\n<p><span style=\"font-weight: 400;\">&#8220;Nos pusimos en contacto con Majbritt cuando nos enfrent\u00e1bamos a una renovaci\u00f3n total de nuestros ba\u00f1os. Nuestro deseo era tener dos ba\u00f1os donde el espacio se utilizara de manera m\u00e1s \u00f3ptima y con sensibilidad est\u00e9tica para que coincidiera con una casa de los a\u00f1os 60. Majbritt fue incre\u00edblemente buena para entender nuestras necesidades, sumergirse en nuestro estilo y proponer diversas soluciones. Tuvimos varias interacciones antes de llegar a lo que dese\u00e1bamos. El resultado final super\u00f3 nuestras expectativas. Estamos extremadamente contentos con los ba\u00f1os, que consideramos bastante hermosos.&#8221;<\/span><\/p>\n<p>[\/et_pb_slide][et_pb_slide heading=&#8221;Kim Alster&#8221; _builder_version=&#8221;4.22.2&#8243; _module_preset=&#8221;default&#8221; locked=&#8221;off&#8221; global_colors_info=&#8221;{}&#8221; sticky_transition=&#8221;on&#8221;]<\/p>\n<p><span style=\"font-weight: 400;\">&#8220;Nos enfrentamos a una tarea un poco m\u00e1s grande cuando elegimos redise\u00f1ar nuestra terraza y agregar una extensi\u00f3n con una piscina-spa. Majbritt fue extremadamente profesional y r\u00e1pida para entender nuestros deseos y necesidades. Siempre estaba bien preparada para asegurarse de obtener el m\u00e1ximo beneficio de las sesiones. Esto signific\u00f3 menos reuniones pero con un impacto m\u00e1ximo. Estamos incre\u00edblemente contentos con la forma en que los elementos principales del dise\u00f1o se armonizan con los detalles aparentemente insignificantes. Sin duda, son los peque\u00f1os detalles los que crean cohesi\u00f3n. Recomendamos encarecidamente contactar a Majbritt para obtener aportes incluso sobre conceptos o ideas sueltas. Sin duda, puede contribuir a validar o desafiar tus pensamientos.&#8221;<\/span><\/p>\n<p>[\/et_pb_slide][et_pb_slide heading=&#8221;Jeppe Klausen&#8221; _builder_version=&#8221;4.22.2&#8243; _module_preset=&#8221;default&#8221; locked=&#8221;off&#8221; global_colors_info=&#8221;{}&#8221; sticky_transition=&#8221;on&#8221;]<\/p>\n<p><span style=\"font-weight: 400;\">&#8220;Nos enfrentamos a la tarea de amueblar una inspiradora oficina en el coraz\u00f3n de Copenhague, que se convertir\u00eda en nuestro segundo hogar. Estamos incre\u00edblemente agradecidos de que Majbritt aceptara ayudarnos con todo, desde dise\u00f1o de interiores y visualizaci\u00f3n hasta presupuesto, selecci\u00f3n de muebles y accesorios, y coordinaci\u00f3n completa de todos los aspectos pr\u00e1cticos relacionados con la mudanza y el montaje de nuestra nueva oficina. Majbritt entreg\u00f3 un esfuerzo verdaderamente fant\u00e1stico, creando el entorno de oficina m\u00e1s impresionante e inspirador. No podemos recomendar lo suficiente a Majbritt; aborda la tarea con una pasi\u00f3n como si fuera su propio hogar.&#8221;<\/span><\/p>\n<p>[\/et_pb_slide][\/et_pb_slider][\/et_pb_column][\/et_pb_row][et_pb_row _builder_version=&#8221;4.21.2&#8243; _module_preset=&#8221;default&#8221; global_colors_info=&#8221;{}&#8221;][et_pb_column type=&#8221;4_4&#8243; _builder_version=&#8221;4.21.2&#8243; _module_preset=&#8221;default&#8221; global_colors_info=&#8221;{}&#8221;][et_pb_button button_url=&#8221;@ET-DC@eyJkeW5hbWljIjp0cnVlLCJjb250ZW50IjoicG9zdF9saW5rX3VybF9wYWdlIiwic2V0dGluZ3MiOnsicG9zdF9pZCI6IjExOSJ9fQ==@&#8221; button_text=&#8221;AGENDA UNA REUNI\u00d3N SIN COMPROMISO&#8221; button_alignment=&#8221;center&#8221; _builder_version=&#8221;4.22.2&#8243; _dynamic_attributes=&#8221;button_url&#8221; _module_preset=&#8221;ed519bbb-e18a-47a5-8660-d767212450b8&#8243; button_text_color=&#8221;#2d2d2d&#8221; button_bg_color=&#8221;#FFFFFF&#8221; button_border_width=&#8221;2px&#8221; button_border_color=&#8221;#2d2d2d&#8221; hover_enabled=&#8221;0&#8243; global_colors_info=&#8221;{}&#8221; sticky_enabled=&#8221;0&#8243;][\/et_pb_button][\/et_pb_column][\/et_pb_row][\/et_pb_section][et_pb_section fb_built=&#8221;1&#8243; admin_label=&#8221;Call to Action&#8221; _builder_version=&#8221;4.22.1&#8243; _module_preset=&#8221;default&#8221; background_color=&#8221;#e4e3de&#8221; background_enable_image=&#8221;off&#8221; custom_margin=&#8221;||||false|false&#8221; custom_padding=&#8221;100px||100px||true|false&#8221; background_last_edited=&#8221;off|desktop&#8221; background_position_tablet=&#8221;center&#8221; background_position_phone=&#8221;center&#8221; collapsed=&#8221;on&#8221; global_colors_info=&#8221;{}&#8221;][et_pb_row _builder_version=&#8221;4.22.1&#8243; _module_preset=&#8221;default&#8221; global_colors_info=&#8221;{}&#8221;][et_pb_column type=&#8221;4_4&#8243; _builder_version=&#8221;4.22.1&#8243; _module_preset=&#8221;default&#8221; global_colors_info=&#8221;{}&#8221;][et_pb_blurb image=&#8221;https:\/\/interiorsbym.dk\/es\/wp-content\/uploads\/sites\/2\/2023\/09\/Profil-Majbritt1.png&#8221; alt=&#8221;Profil Majbritt&#8221; image_icon_width=&#8221;49%&#8221; icon_alignment_tablet=&#8221;center&#8221; icon_alignment_phone=&#8221;center&#8221; icon_alignment_last_edited=&#8221;on|phone&#8221; _builder_version=&#8221;4.22.2&#8243; _module_preset=&#8221;default&#8221; body_text_align=&#8221;center&#8221; text_orientation=&#8221;center&#8221; global_colors_info=&#8221;{}&#8221;]<\/p>\n<p><span style=\"font-weight: 400;\">&#8220;Mi inspiraci\u00f3n proviene del mundo que me rodea. Me inspiro en diferentes culturas, los hermosos colores de la naturaleza y las tendencias modernas, y busco continuamente nuevas perspectivas que creen un equilibrio entre la elegancia atemporal y los conceptos innovadores.&#8221;<\/span><\/p>\n<p>[\/et_pb_blurb][et_pb_text _builder_version=&#8221;4.22.2&#8243; _module_preset=&#8221;default&#8221; header_5_font=&#8221;Cormorant Garamond|700||on|||||&#8221; header_5_text_align=&#8221;center&#8221; header_5_font_size=&#8221;15px&#8221; header_5_line_height=&#8221;2em&#8221; header_6_font=&#8221;Cormorant Garamond||||||||&#8221; header_6_text_align=&#8221;center&#8221; header_6_font_size=&#8221;20px&#8221; text_orientation=&#8221;center&#8221; header_5_text_align_tablet=&#8221;center&#8221; header_5_text_align_phone=&#8221;center&#8221; header_5_text_align_last_edited=&#8221;on|phone&#8221; header_5_font_size_tablet=&#8221;15px&#8221; header_5_font_size_phone=&#8221;14px&#8221; header_5_font_size_last_edited=&#8221;on|phone&#8221; text_orientation_tablet=&#8221;center&#8221; text_orientation_phone=&#8221;center&#8221; text_orientation_last_edited=&#8221;on|desktop&#8221; global_colors_info=&#8221;{}&#8221;]<\/p>\n<h6>Majbritt Nicole Rasmussen<\/h6>\n<h5>DISE\u00d1ADORA DE INTERIORES<\/h5>\n<p>[\/et_pb_text][\/et_pb_column][\/et_pb_row][\/et_pb_section]<\/p>\n","protected":false},"excerpt":{"rendered":"<p>TRANSFORMA TU ESPACIOPARA ESPACIOS PRIVADOSEn Interiors by M., creamos interiores de ensue\u00f1o para residencias privadas. Entendemos que tu hogar es tu refugio y nuestra misi\u00f3n es transformar tus ideas en espacios hermosos, funcionales y \u00fanicos que reflejen tu personalidad y estilo de vida.PARA NEGOCIOSComprendemos la importancia de crear entornos laborales inspiradores y profesionales que fomenten [&hellip;]<\/p>\n","protected":false},"author":1,"featured_media":0,"parent":0,"menu_order":0,"comment_status":"closed","ping_status":"closed","template":"","meta":{"_et_pb_use_builder":"on","_et_pb_old_content":"","_et_gb_content_width":"","footnotes":""},"_links":{"self":[{"href":"https:\/\/interiorsbym.dk\/es\/wp-json\/wp\/v2\/pages\/6"}],"collection":[{"href":"https:\/\/interiorsbym.dk\/es\/wp-json\/wp\/v2\/pages"}],"about":[{"href":"https:\/\/interiorsbym.dk\/es\/wp-json\/wp\/v2\/types\/page"}],"author":[{"embeddable":true,"href":"https:\/\/interiorsbym.dk\/es\/wp-json\/wp\/v2\/users\/1"}],"replies":[{"embeddable":true,"href":"https:\/\/interiorsbym.dk\/es\/wp-json\/wp\/v2\/comments?post=6"}],"version-history":[{"count":13,"href":"https:\/\/interiorsbym.dk\/es\/wp-json\/wp\/v2\/pages\/6\/revisions"}],"predecessor-version":[{"id":162,"href":"https:\/\/interiorsbym.dk\/es\/wp-json\/wp\/v2\/pages\/6\/revisions\/162"}],"wp:attachment":[{"href":"https:\/\/interiorsbym.dk\/es\/wp-json\/wp\/v2\/media?parent=6"}],"curies":[{"name":"wp","href":"https:\/\/api.w.org\/{rel}","templated":true}]}}