{"id":112,"date":"2023-10-01T16:29:36","date_gmt":"2023-10-01T16:29:36","guid":{"rendered":"https:\/\/interiorsbym.dk\/es\/?page_id=112"},"modified":"2023-10-01T16:29:42","modified_gmt":"2023-10-01T16:29:42","slug":"acerca-de","status":"publish","type":"page","link":"https:\/\/interiorsbym.dk\/es\/acerca-de\/","title":{"rendered":"ACERCA DE"},"content":{"rendered":"<p>[et_pb_section fb_built=&#8221;1&#8243; admin_label=&#8221;Header&#8221; _builder_version=&#8221;4.20.0&#8243; _module_preset=&#8221;default&#8221; collapsed=&#8221;on&#8221; global_colors_info=&#8221;{}&#8221; theme_builder_area=&#8221;post_content&#8221;][et_pb_row _builder_version=&#8221;4.20.0&#8243; _module_preset=&#8221;default&#8221; global_colors_info=&#8221;{}&#8221; theme_builder_area=&#8221;post_content&#8221;][et_pb_column type=&#8221;4_4&#8243; _builder_version=&#8221;4.20.0&#8243; _module_preset=&#8221;default&#8221; global_colors_info=&#8221;{}&#8221; theme_builder_area=&#8221;post_content&#8221;][et_pb_text _builder_version=&#8221;4.22.2&#8243; _module_preset=&#8221;f086764c-6f9a-4302-a5c4-72bb8969a790&#8243; text_orientation=&#8221;center&#8221; hover_enabled=&#8221;0&#8243; global_colors_info=&#8221;{}&#8221; theme_builder_area=&#8221;post_content&#8221; sticky_enabled=&#8221;0&#8243;]<\/p>\n<h1><span style=\"font-weight: 400;\">ACERCA DE<\/span><\/h1>\n<p>[\/et_pb_text][et_pb_text _builder_version=&#8221;4.22.2&#8243; _module_preset=&#8221;default&#8221; hover_enabled=&#8221;0&#8243; global_colors_info=&#8221;{}&#8221; theme_builder_area=&#8221;post_content&#8221; sticky_enabled=&#8221;0&#8243;]<\/p>\n<p><span style=\"font-weight: 400;\">Interiors by M. es una empresa de dise\u00f1o de interiores que ofrece servicios de asesoramiento en dise\u00f1o interior, mobiliario y estilismo. Nuestra misi\u00f3n es transformar tus ideas en espacios hermosos, funcionales y \u00fanicos que reflejen tu personalidad y estilo de vida.<\/span><\/p>\n<p><span style=\"font-weight: 400;\">Aunque actualmente operamos en la Costa del Sol y Copenhague, entendemos la importancia de la comodidad y la conveniencia para nuestros clientes. Por eso, ofrecemos soluciones de dise\u00f1o de interiores virtuales, permiti\u00e9ndote iniciar tu proyecto de dise\u00f1o desde la comodidad de tu hogar.<\/span><\/p>\n<p>[\/et_pb_text][\/et_pb_column][\/et_pb_row][et_pb_row column_structure=&#8221;1_2,1_2&#8243; custom_padding_last_edited=&#8221;on|tablet&#8221; _builder_version=&#8221;4.21.2&#8243; _module_preset=&#8221;default&#8221; background_color=&#8221;#e4e3de&#8221; custom_padding=&#8221;80px|80px|80px|80px|true|true&#8221; custom_padding_tablet=&#8221;40px|40px|40px|40px|true|true&#8221; custom_padding_phone=&#8221;20px|20px|20px|20px|true|true&#8221; global_colors_info=&#8221;{}&#8221; theme_builder_area=&#8221;post_content&#8221;][et_pb_column type=&#8221;1_2&#8243; _builder_version=&#8221;4.21.2&#8243; _module_preset=&#8221;default&#8221; global_colors_info=&#8221;{}&#8221; theme_builder_area=&#8221;post_content&#8221;][et_pb_image src=&#8221;https:\/\/interiorsbym.dk\/es\/wp-content\/uploads\/sites\/2\/2023\/10\/Indretningsarkitekt-Interiorsbym-1.jpg&#8221; alt=&#8221;Indretningsarkitekt Interiorsbym&#8221; title_text=&#8221;Indretningsarkitekt Interiorsbym&#8221; _builder_version=&#8221;4.22.1&#8243; _module_preset=&#8221;default&#8221; global_colors_info=&#8221;{}&#8221; theme_builder_area=&#8221;post_content&#8221;][\/et_pb_image][\/et_pb_column][et_pb_column type=&#8221;1_2&#8243; _builder_version=&#8221;4.21.2&#8243; _module_preset=&#8221;default&#8221; global_colors_info=&#8221;{}&#8221; theme_builder_area=&#8221;post_content&#8221;][et_pb_text _builder_version=&#8221;4.22.2&#8243; _module_preset=&#8221;700e31cf-a0ed-471d-a563-d060c202a371&#8243; text_text_color=&#8221;#2D2D2D&#8221; hover_enabled=&#8221;0&#8243; global_colors_info=&#8221;{}&#8221; theme_builder_area=&#8221;post_content&#8221; sticky_enabled=&#8221;0&#8243;]<\/p>\n<p><span style=\"font-weight: 400;\">Majbritt, fundadora y dise\u00f1adora principal de Interiors by M., posee una Maestr\u00eda en Finanzas y Negocios Internacionales de la Escuela de Negocios de Aarhus. Adem\u00e1s de su experiencia en finanzas y marketing digital, siente una profunda pasi\u00f3n por el dise\u00f1o de interiores, la alta calidad y el buen dise\u00f1o. Esta pasi\u00f3n la condujo a emprender una carrera como Dise\u00f1adora de Interiores en Dinamarca, donde descubri\u00f3 su nicho en la creaci\u00f3n de espacios hermosos y funcionales para una amplia gama de clientes.<\/span><\/p>\n<p><span style=\"font-weight: 400;\">Su enfoque en cada proyecto se distingue por su perfeccionismo y su dedicaci\u00f3n a lo excepcional en lugar de lo com\u00fan. Su objetivo es hallar un equilibrio entre la elegancia atemporal y conceptos innovadores.<\/span><\/p>\n<p>[\/et_pb_text][\/et_pb_column][\/et_pb_row][\/et_pb_section][et_pb_section fb_built=&#8221;1&#8243; admin_label=&#8221;Testimonials&#8221; _builder_version=&#8221;4.20.0&#8243; _module_preset=&#8221;default&#8221; collapsed=&#8221;on&#8221; global_colors_info=&#8221;{}&#8221; theme_builder_area=&#8221;post_content&#8221;][et_pb_row _builder_version=&#8221;4.20.0&#8243; _module_preset=&#8221;default&#8221; saved_tabs=&#8221;all&#8221; global_colors_info=&#8221;{}&#8221; theme_builder_area=&#8221;post_content&#8221;][et_pb_column type=&#8221;4_4&#8243; _builder_version=&#8221;4.20.0&#8243; _module_preset=&#8221;default&#8221; global_colors_info=&#8221;{}&#8221; theme_builder_area=&#8221;post_content&#8221;][et_pb_icon font_icon=&#8221;&#xf10d;||fa||900&#8243; icon_color=&#8221;#000000&#8243; icon_width=&#8221;56px&#8221; _builder_version=&#8221;4.20.0&#8243; _module_preset=&#8221;default&#8221; global_colors_info=&#8221;{}&#8221; theme_builder_area=&#8221;post_content&#8221;][\/et_pb_icon][et_pb_slider _builder_version=&#8221;4.22.2&#8243; _module_preset=&#8221;f9b8450d-8407-4e19-b098-b8d504b19f9a&#8221; body_font=&#8221;||||||||&#8221; body_font_size_tablet=&#8221;&#8221; body_font_size_phone=&#8221;10px&#8221; body_font_size_last_edited=&#8221;on|phone&#8221; border_width_top=&#8221;1px&#8221; locked=&#8221;off&#8221; global_colors_info=&#8221;{%22gcid-8b50368a-c64a-42be-b110-e2137ab417d1%22:%91%22header_text_color%22%93}&#8221; theme_builder_area=&#8221;post_content&#8221;][et_pb_slide heading=&#8221;Anne Almind&#8221; _builder_version=&#8221;4.22.2&#8243; _module_preset=&#8221;default&#8221; locked=&#8221;off&#8221; global_colors_info=&#8221;{}&#8221; sticky_transition=&#8221;on&#8221; theme_builder_area=&#8221;post_content&#8221;]<\/p>\n<p><span style=\"font-weight: 400;\">&#8220;Nos pusimos en contacto con Majbritt cuando nos enfrent\u00e1bamos a una renovaci\u00f3n total de nuestros ba\u00f1os. Nuestro deseo era tener dos ba\u00f1os donde el espacio se utilizara de manera m\u00e1s \u00f3ptima y con sensibilidad est\u00e9tica para que coincidiera con una casa de los a\u00f1os 60. Majbritt fue incre\u00edblemente buena para entender nuestras necesidades, sumergirse en nuestro estilo y proponer diversas soluciones. Tuvimos varias interacciones antes de llegar a lo que dese\u00e1bamos. El resultado final super\u00f3 nuestras expectativas. Estamos extremadamente contentos con los ba\u00f1os, que consideramos bastante hermosos.&#8221;<\/span><\/p>\n<p>[\/et_pb_slide][et_pb_slide heading=&#8221;Kim Alster&#8221; _builder_version=&#8221;4.22.2&#8243; _module_preset=&#8221;default&#8221; locked=&#8221;off&#8221; global_colors_info=&#8221;{}&#8221; sticky_transition=&#8221;on&#8221; theme_builder_area=&#8221;post_content&#8221;]<\/p>\n<p><span style=\"font-weight: 400;\">&#8220;Nos enfrentamos a una tarea un poco m\u00e1s grande cuando elegimos redise\u00f1ar nuestra terraza y agregar una extensi\u00f3n con una piscina-spa. Majbritt fue extremadamente profesional y r\u00e1pida para entender nuestros deseos y necesidades. Siempre estaba bien preparada para asegurarse de obtener el m\u00e1ximo beneficio de las sesiones. Esto signific\u00f3 menos reuniones pero con un impacto m\u00e1ximo. Estamos incre\u00edblemente contentos con la forma en que los elementos principales del dise\u00f1o se armonizan con los detalles aparentemente insignificantes. Sin duda, son los peque\u00f1os detalles los que crean cohesi\u00f3n. Recomendamos encarecidamente contactar a Majbritt para obtener aportes incluso sobre conceptos o ideas sueltas. Sin duda, puede contribuir a validar o desafiar tus pensamientos.&#8221;<\/span><\/p>\n<p>[\/et_pb_slide][et_pb_slide heading=&#8221;Jeppe Klausen&#8221; _builder_version=&#8221;4.22.2&#8243; _module_preset=&#8221;default&#8221; locked=&#8221;off&#8221; global_colors_info=&#8221;{}&#8221; sticky_transition=&#8221;on&#8221; theme_builder_area=&#8221;post_content&#8221;]<\/p>\n<p><span style=\"font-weight: 400;\">&#8220;Nos enfrentamos a la tarea de amueblar una inspiradora oficina en el coraz\u00f3n de Copenhague, que se convertir\u00eda en nuestro segundo hogar. Estamos incre\u00edblemente agradecidos de que Majbritt aceptara ayudarnos con todo, desde dise\u00f1o de interiores y visualizaci\u00f3n hasta presupuesto, selecci\u00f3n de muebles y accesorios, y coordinaci\u00f3n completa de todos los aspectos pr\u00e1cticos relacionados con la mudanza y el montaje de nuestra nueva oficina. Majbritt entreg\u00f3 un esfuerzo verdaderamente fant\u00e1stico, creando el entorno de oficina m\u00e1s impresionante e inspirador. No podemos recomendar lo suficiente a Majbritt; aborda la tarea con una pasi\u00f3n como si fuera su propio hogar.&#8221;<\/span><\/p>\n<p>[\/et_pb_slide][\/et_pb_slider][\/et_pb_column][\/et_pb_row][\/et_pb_section]<\/p>\n","protected":false},"excerpt":{"rendered":"<p>ACERCA DEInteriors by M. es una empresa de dise\u00f1o de interiores que ofrece servicios de asesoramiento en dise\u00f1o interior, mobiliario y estilismo. Nuestra misi\u00f3n es transformar tus ideas en espacios hermosos, funcionales y \u00fanicos que reflejen tu personalidad y estilo de vida. Aunque actualmente operamos en la Costa del Sol y Copenhague, entendemos la importancia [&hellip;]<\/p>\n","protected":false},"author":1,"featured_media":0,"parent":0,"menu_order":0,"comment_status":"closed","ping_status":"closed","template":"","meta":{"_et_pb_use_builder":"on","_et_pb_old_content":"","_et_gb_content_width":"","footnotes":""},"_links":{"self":[{"href":"https:\/\/interiorsbym.dk\/es\/wp-json\/wp\/v2\/pages\/112"}],"collection":[{"href":"https:\/\/interiorsbym.dk\/es\/wp-json\/wp\/v2\/pages"}],"about":[{"href":"https:\/\/interiorsbym.dk\/es\/wp-json\/wp\/v2\/types\/page"}],"author":[{"embeddable":true,"href":"https:\/\/interiorsbym.dk\/es\/wp-json\/wp\/v2\/users\/1"}],"replies":[{"embeddable":true,"href":"https:\/\/interiorsbym.dk\/es\/wp-json\/wp\/v2\/comments?post=112"}],"version-history":[{"count":2,"href":"https:\/\/interiorsbym.dk\/es\/wp-json\/wp\/v2\/pages\/112\/revisions"}],"predecessor-version":[{"id":115,"href":"https:\/\/interiorsbym.dk\/es\/wp-json\/wp\/v2\/pages\/112\/revisions\/115"}],"wp:attachment":[{"href":"https:\/\/interiorsbym.dk\/es\/wp-json\/wp\/v2\/media?parent=112"}],"curies":[{"name":"wp","href":"https:\/\/api.w.org\/{rel}","templated":true}]}}